
{"id":17035,"date":"2022-01-07T18:28:26","date_gmt":"2022-01-07T18:28:26","guid":{"rendered":"https:\/\/www.cnhv.net\/?page_id=17035"},"modified":"2022-01-08T16:34:43","modified_gmt":"2022-01-08T16:34:43","slug":"convenio-xxxiii-semana-catalana-de-vela-21","status":"publish","type":"page","link":"https:\/\/old.cnhv.net\/?page_id=17035","title":{"rendered":"Convenio  XXXIII Semana Catalana de Vela 21"},"content":{"rendered":"<p>El Ayuntamiento ha firmado un convenio de colaboraci\u00f3n con el Club N\u00e1utico porque este acontecimiento pueda celebrarse los d\u00edas 4 y 5 de setiembre, la XXXIII Semana Catalana de Vela- Grand Prix de la Generalitat de Catalu\u00f1a se disputar\u00e1 en aguas de Vandell\u00f2s y l&#8217;Hospitalet de l&#8217;Infant los d\u00edas 4 y 5 de septiembre.<\/p>\n<p>Por tercera vez, el Club N\u00e1utico Hospitalet-Vandell\u00f2s&nbsp; volver\u00e1 a organizar la regata m\u00e1s importante del calendario anual de la Federaci\u00f3n Catalana de Vela.En este acontecimiento se prev\u00e9 la participaci\u00f3n de m\u00e1s de 250 regatistas de diferentes clases,&nbsp; de todo Catalu\u00f1a y del resto de Espa\u00f1a.<\/p>\n<p>Esta competici\u00f3n contar\u00e1 con el apoyo de los principales organismos y entidades deportivas, as\u00ed como del Ayuntamiento de Vandell\u00f2s y l&#8217;Hospitalet de l&#8217;Infant.Para ayudar a financiar la Semana Catalana de Vela 2021, de la cual es titular y propietaria la Federaci\u00f3n Catalana de Vela, el Ayuntamiento de Vandell\u00f2s y l&#8217;Hospitalet de l&#8217;Infant se ha comprometido a otorgar una subvenci\u00f3n de 12.000 euros al Club N\u00e1utico y a apoyar material y t\u00e9cnico en la organizaci\u00f3n. Esto consta al convenio de colaboraci\u00f3n que firmaron ayer martes 6 de julio el alcalde, Alfons Garcia; y el presidente del Club N\u00e1utico, Llu\u00eds Coll, en representaci\u00f3n de ambas partes.<\/p>\n<p>Por su parte, el Club N\u00e1utico se ha comprometido a destinar el importe \u00edntegro de la subvenci\u00f3n a la organizaci\u00f3n de esta regata y a asumir el \u00abbuen funcionamiento de las \u00e1reas de mar y de tierra; los aspectos organizativos referentes a la infraestructura y medios de la sede y a la gesti\u00f3n, ejecuci\u00f3n y coordinaci\u00f3n del presupuesto de la regata; as\u00ed como a facilitar el uso de la instalaci\u00f3n portuaria para la celebraci\u00f3n del acontecimiento\u00bb.Tanto al Club N\u00e1utico Hospitalet-Vandell\u00f2s como el Ayuntamiento de Vandell\u00f2s y l&#8217;Hospitalet de l&#8217;Infant los interesa que l&#8217;Hospitalet de l&#8217;Infant vuelva a acoger esta gran fiesta deportiva de la vela catalana para dar a conocer el municipio y promocionar el turismo n\u00e1utico.<\/p>\n<p><a href=\"https:\/\/www.cnhv.net\/wp-content\/uploads\/2021\/07\/ajuntament-vandellos-1.jpeg\"><img decoding=\"async\" loading=\"lazy\" class=\"aligncenter size-large wp-image-16142\" src=\"https:\/\/www.cnhv.net\/wp-content\/uploads\/2021\/07\/ajuntament-vandellos-1-1024x738.jpeg\" alt=\"\" width=\"640\" height=\"461\" srcset=\"https:\/\/old.cnhv.net\/wp-content\/uploads\/2021\/07\/ajuntament-vandellos-1-1024x738.jpeg 1024w, https:\/\/old.cnhv.net\/wp-content\/uploads\/2021\/07\/ajuntament-vandellos-1-300x216.jpeg 300w, https:\/\/old.cnhv.net\/wp-content\/uploads\/2021\/07\/ajuntament-vandellos-1-768x554.jpeg 768w, https:\/\/old.cnhv.net\/wp-content\/uploads\/2021\/07\/ajuntament-vandellos-1-100x72.jpeg 100w\" sizes=\"(max-width: 640px) 100vw, 640px\" \/><\/a> <a href=\"https:\/\/www.cnhv.net\/wp-content\/uploads\/2021\/07\/ajuntament-vandellos.jpeg\"><img decoding=\"async\" loading=\"lazy\" class=\"aligncenter size-large wp-image-16143\" src=\"https:\/\/www.cnhv.net\/wp-content\/uploads\/2021\/07\/ajuntament-vandellos-1024x629.jpeg\" alt=\"\" width=\"640\" height=\"393\" srcset=\"https:\/\/old.cnhv.net\/wp-content\/uploads\/2021\/07\/ajuntament-vandellos-1024x629.jpeg 1024w, https:\/\/old.cnhv.net\/wp-content\/uploads\/2021\/07\/ajuntament-vandellos-300x184.jpeg 300w, https:\/\/old.cnhv.net\/wp-content\/uploads\/2021\/07\/ajuntament-vandellos-768x472.jpeg 768w, https:\/\/old.cnhv.net\/wp-content\/uploads\/2021\/07\/ajuntament-vandellos-100x61.jpeg 100w\" sizes=\"(max-width: 640px) 100vw, 640px\" \/><\/a><\/p>","protected":false},"excerpt":{"rendered":"<p>El Ayuntamiento ha firmado un convenio de colaboraci\u00f3n con el Club N\u00e1utico porque este acontecimiento pueda celebrarse los d\u00edas 4 y 5 de setiembre, la XXXIII Semana Catalana de Vela- [&hellip;] <a href=\"https:\/\/old.cnhv.net\/?page_id=17035\" rel=\"bookmark\">more<\/a><\/p>\n","protected":false},"author":1,"featured_media":0,"parent":17017,"menu_order":3,"comment_status":"closed","ping_status":"closed","template":"pg-tpl-no-sidebars.php","meta":{"ngg_post_thumbnail":0},"_links":{"self":[{"href":"https:\/\/old.cnhv.net\/index.php?rest_route=\/wp\/v2\/pages\/17035"}],"collection":[{"href":"https:\/\/old.cnhv.net\/index.php?rest_route=\/wp\/v2\/pages"}],"about":[{"href":"https:\/\/old.cnhv.net\/index.php?rest_route=\/wp\/v2\/types\/page"}],"author":[{"embeddable":true,"href":"https:\/\/old.cnhv.net\/index.php?rest_route=\/wp\/v2\/users\/1"}],"replies":[{"embeddable":true,"href":"https:\/\/old.cnhv.net\/index.php?rest_route=%2Fwp%2Fv2%2Fcomments&post=17035"}],"version-history":[{"count":1,"href":"https:\/\/old.cnhv.net\/index.php?rest_route=\/wp\/v2\/pages\/17035\/revisions"}],"predecessor-version":[{"id":17037,"href":"https:\/\/old.cnhv.net\/index.php?rest_route=\/wp\/v2\/pages\/17035\/revisions\/17037"}],"up":[{"embeddable":true,"href":"https:\/\/old.cnhv.net\/index.php?rest_route=\/wp\/v2\/pages\/17017"}],"wp:attachment":[{"href":"https:\/\/old.cnhv.net\/index.php?rest_route=%2Fwp%2Fv2%2Fmedia&parent=17035"}],"curies":[{"name":"wp","href":"https:\/\/api.w.org\/{rel}","templated":true}]}}